{"id":25404,"date":"2020-06-10T16:16:59","date_gmt":"2020-06-10T16:16:59","guid":{"rendered":"https:\/\/bibliotecavigil.com.ar\/?page_id=25404"},"modified":"2025-08-01T17:19:54","modified_gmt":"2025-08-01T20:19:54","slug":"red-de-beneficios","status":"publish","type":"page","link":"https:\/\/bibliotecavigil.org.ar\/inicio\/red-de-beneficios\/","title":{"rendered":"Red de beneficios"},"content":{"rendered":"[et_pb_section fb_built=\u00bb1&#8243; fullwidth=\u00bbon\u00bb _builder_version=\u00bb4.16&#8243; global_colors_info=\u00bb{}\u00bb][et_pb_fullwidth_image src=\u00bbhttps:\/\/bibliotecavigil.org.ar\/inicio\/wp-content\/uploads\/2020\/12\/red-beneficios.jpg\u00bb title_text=\u00bbred-beneficios\u00bb _builder_version=\u00bb4.16&#8243; width_tablet=\u00bb\u00bb width_phone=\u00bb\u00bb width_last_edited=\u00bbon|phone\u00bb global_colors_info=\u00bb{}\u00bb][\/et_pb_fullwidth_image][\/et_pb_section][et_pb_section fb_built=\u00bb1&#8243; _builder_version=\u00bb4.16&#8243; custom_padding=\u00bb7px||5px|||\u00bb global_colors_info=\u00bb{}\u00bb][et_pb_row column_structure=\u00bb3_4,1_4&#8243; module_id=\u00bbreveal\u00bb _builder_version=\u00bb4.16&#8243; min_height=\u00bb903px\u00bb custom_padding=\u00bb||6px|3px||\u00bb global_colors_info=\u00bb{}\u00bb][et_pb_column type=\u00bb3_4&#8243; _builder_version=\u00bb4.16&#8243; global_colors_info=\u00bb{}\u00bb][et_pb_text _builder_version=\u00bb4.20.2&#8243; min_height_tablet=\u00bb\u00bb min_height_phone=\u00bb\u00bb min_height_last_edited=\u00bbon|phone\u00bb height_tablet=\u00bb\u00bb height_phone=\u00bb\u00bb height_last_edited=\u00bbon|desktop\u00bb max_height_tablet=\u00bb\u00bb max_height_phone=\u00bb\u00bb max_height_last_edited=\u00bbon|phone\u00bb custom_margin=\u00bb||-180px||false|false\u00bb custom_margin_tablet=\u00bb\u00bb custom_margin_phone=\u00bb||-80px||false|false\u00bb custom_margin_last_edited=\u00bbon|phone\u00bb custom_padding=\u00bb||0px|||\u00bb custom_padding_tablet=\u00bb\u00bb custom_padding_phone=\u00bb\u00bb custom_padding_last_edited=\u00bbon|phone\u00bb global_colors_info=\u00bb{}\u00bb]<p><strong>Red de Beneficios<\/strong><\/p>\n<p><span style=\"color: #000000;\">\u00a1Ser socix de La Vigil tiene beneficios!<\/span><\/p>\n<p>Es una de nuestras prioridades conformar lazos de colaboraci\u00f3n, afinidad y ayuda rec\u00edproca, con otros actores del \u00e1mbito de la cultura, la educaci\u00f3n y la econom\u00eda social, para compartir conocimientos, recursos y proyectos comunes.<\/p>\n<p>\u25ba <strong>Convenio con AMECRO<\/strong><\/p>\n<p>Establecimos un nuevo convenio con la Mutual AMECRO, para que, desde ahora, lxs socixs de La Vigil puedan disfrutar de todos sus servicios pagando s\u00f3lo una cuota adicional de $1600.<\/p>\n<p>Esto incluye proveedur\u00eda, emergencias y urgencias, turismo, centro de formaci\u00f3n, farmacia, \u00f3ptica, gimnasio, recreaci\u00f3n y deportes, local de electrodom\u00e9sticos y gastronom\u00eda entre otros servicios.<\/p>\n<p>Siendo socix de La Vigil se pueden sumar estos beneficios acerc\u00e1ndose con la fotocopia del DNI a la administraci\u00f3n de Vigil (Gaboto 450) de lunes a viernes de 14 a 20hs y los s\u00e1bados de 10 a 13 hs.<\/p>\n<p>&nbsp;<\/p>\n<p>&nbsp;<\/p>\n<p>&nbsp;<\/p>\n<p>&nbsp;<\/p>\n<p>&nbsp;<\/p>\n<p>&nbsp;<\/p>\n<p>&nbsp;<\/p>[\/et_pb_text][et_pb_code _builder_version=\u00bb4.27.0&#8243; _module_preset=\u00bbdefault\u00bb custom_margin=\u00bb||68px|||\u00bb global_colors_info=\u00bb{}\u00bb]<div style=\"display:block\">\n<!-- FlowPaper PDF flipbook plugin v.2.0.7 wordpress.org\/plugins\/flowpaper\/ -->\n<iframe title=\"FlowPaper flipbook pdf viewer\" width=\"100%\" height=\"500\" scrolling=\"no\" class=\"flowpaper-class lazyload\" frameborder=\"0\" allowFullScreen=\"true\" lightbox=\"false\" cover id data-src=\"https:\/\/flowpaper.com\/flipbook\/?pdf=https:\/\/bibliotecavigil.org.ar\/inicio\/wp-content\/uploads\/2022\/03\/CONVENIO-LA-VIGIL-FEB-2022-1.pdf?wp-hosted=1&title=&header=&theme=&singlepage=&thumbs=1&modified=250801519\" seamless=\"seamless\" style=\"margin-bottom:0;display:block;\" src=\"data:image\/svg+xml;base64,PHN2ZyB3aWR0aD0iMSIgaGVpZ2h0PSIxIiB4bWxucz0iaHR0cDovL3d3dy53My5vcmcvMjAwMC9zdmciPjwvc3ZnPg==\" data-load-mode=\"1\">Your browser does not seem to support iframes. <a href=\"https:\/\/flowpaper.com\/flipbook\/?pdf=https:\/\/bibliotecavigil.org.ar\/inicio\/wp-content\/uploads\/2022\/03\/CONVENIO-LA-VIGIL-FEB-2022-1.pdf?wp-hosted=1\" target=\"_blank\">Click here to read this PDF<\/a>.<\/iframe>\n<div id=\"flowpaper-logo-bottom\" class=\"flowpaper-logo-bg\" style=\"background:linear-gradient(to right, rgba(0,0,0,0.65) 0%,rgba(0,0,0,0) 200px);width:100%;height:19px; padding-bottom: 1px; padding-left: 5px; padding-right: 10px; display: flex; align-items: center;z-index:9999\"><span style=\"height: 37px; padding-left: 6px;width:90%\"> <a id=\"flowpaper-link\" style=\"fill: #fff\" alt=\"FlowPaper logotype\" title=\"FlowPaper logotype\" href=\"https:\/\/flowpaper.com\" target=\"_blank\"> <img decoding=\"async\" alt=\"Publish PDF flipbooks online\" style=\"--smush-placeholder-width: 330px; --smush-placeholder-aspect-ratio: 330\/68;height:17px;width:auto;margin-top:11px;\" data-src=\"https:\/\/bibliotecavigil.org.ar\/inicio\/wp-content\/plugins\/flowpaper-lite-pdf-flipbook\/assets\/flowpaper-logo.png\" border=\"0\" src=\"data:image\/svg+xml;base64,PHN2ZyB3aWR0aD0iMSIgaGVpZ2h0PSIxIiB4bWxucz0iaHR0cDovL3d3dy53My5vcmcvMjAwMC9zdmciPjwvc3ZnPg==\" class=\"lazyload\"> <\/a> <\/span><span style=\" float: right; right: 0; font-size: 10px; white-space: nowrap; opacity:0.8\"><a href=\"https:\/\/flowpaper.com\/flipbook-maker\/\" target=\"_new\" style=\"text-decoration:none;border-bottom:none;\">Created using FlowPaper Flipbook Maker &#8599;<\/a><\/span><\/div><\/div>\r\n                <script>\r\n                document.addEventListener(\"DOMContentLoaded\", function(){\r\n                    var target_element, iframe_element;\r\n                    iframe_element = document.querySelector(\"iframe.flowpaper-class\");\r\n                    target_element = document.querySelector(\"\");\r\n                    iframe_element.style.height = target_element.offsetHeight + \"px\";\r\n                });\r\n                <\/script>\r\n            [\/et_pb_code][et_pb_image _builder_version=\u00bb4.19.5&#8243; _module_preset=\u00bbdefault\u00bb global_colors_info=\u00bb{}\u00bb][\/et_pb_image][\/et_pb_column][et_pb_column type=\u00bb1_4&#8243; _builder_version=\u00bb4.16&#8243; global_colors_info=\u00bb{}\u00bb][et_pb_text _builder_version=\u00bb4.17.3&#8243; background_color=\u00bb#e2e2e2&#8243; custom_margin=\u00bb8px||-61px||false|false\u00bb custom_padding=\u00bb4px||14px|3px|false|false\u00bb global_colors_info=\u00bb{}\u00bb]<p><a href=\"https:\/\/bibliotecavigil.org.ar\/inicio\/wp-content\/uploads\/2020\/05\/Sin-titulo-1.png\"><\/a><a href=\"https:\/\/bibliotecavigil.org.ar\/inicio\/wp-content\/uploads\/2020\/12\/horarios-talleres-1.jpg\"><\/a><a href=\"https:\/\/bibliotecavigil.org.ar\/inicio\/wp-content\/uploads\/2022\/05\/horario.png\"><img decoding=\"async\" data-src=\"https:\/\/bibliotecavigil.org.ar\/inicio\/wp-content\/uploads\/2022\/05\/horario-300x154.png\" width=\"300\" height=\"154\" alt=\"\" class=\"wp-image-30728 alignnone size-medium lazyload\" src=\"data:image\/svg+xml;base64,PHN2ZyB3aWR0aD0iMSIgaGVpZ2h0PSIxIiB4bWxucz0iaHR0cDovL3d3dy53My5vcmcvMjAwMC9zdmciPjwvc3ZnPg==\" style=\"--smush-placeholder-width: 300px; --smush-placeholder-aspect-ratio: 300\/154;\" \/><\/a><a href=\"https:\/\/bibliotecavigil.org.ar\/inicio\/wp-content\/uploads\/2020\/12\/horarios-talleres-1.jpg\"><\/a><a href=\"https:\/\/bibliotecavigil.org.ar\/inicio\/wp-content\/uploads\/2020\/05\/Sin-titulo-1.png\"><\/a><\/p>\n<p>&nbsp;<\/p>[\/et_pb_text][et_pb_button button_url=\u00bbhttps:\/bibliotecavigil.org.ar\/contactogral\/\u00bb url_new_window=\u00bbon\u00bb button_text=\u00bbEnviar Mail\u00bb button_alignment=\u00bbcenter\u00bb _builder_version=\u00bb4.16&#8243; custom_button=\u00bbon\u00bb button_text_size=\u00bb16px\u00bb button_text_color=\u00bb#000000&#8243; button_use_icon=\u00bboff\u00bb custom_margin=\u00bb|4px||0px|false|false\u00bb custom_padding=\u00bb|||16px||\u00bb global_colors_info=\u00bb{}\u00bb][\/et_pb_button][et_pb_blurb url=\u00bbhttps:\/bibliotecavigil.org.ar\/como-hacerte-socio\/\u00bb image=\u00bbhttps:\/\/bibliotecavigil.org.ar\/inicio\/wp-content\/uploads\/2020\/05\/asociate.jpg\u00bb _builder_version=\u00bb4.16&#8243; custom_margin=\u00bb71px|||||\u00bb link_option_url=\u00bbhttps:\/\/bibliotecavigil.org.ar\/como-hacerte-socios\/\u00bb global_colors_info=\u00bb{}\u00bb][\/et_pb_blurb][\/et_pb_column][\/et_pb_row][et_pb_row column_structure=\u00bb3_4,1_4&#8243; disabled_on=\u00bbon|on|on\u00bb _builder_version=\u00bb4.22.2&#8243; _module_preset=\u00bbdefault\u00bb disabled=\u00bbon\u00bb global_colors_info=\u00bb{}\u00bb][et_pb_column type=\u00bb3_4&#8243; _builder_version=\u00bb4.16.0&#8243; _module_preset=\u00bbdefault\u00bb global_colors_info=\u00bb{}\u00bb][et_pb_text _builder_version=\u00bb4.16.0&#8243; _module_preset=\u00bbdefault\u00bb global_colors_info=\u00bb{}\u00bb]<p style=\"background: white; vertical-align: baseline;\"><span lang=\"ES-AR\" style=\"font-size: 10.5pt; font-family: 'Helvetica',sans-serif; color: #666666;\">\u25ba <strong>Acuerdo de cooperaci\u00f3n con el Club Atl\u00e9tico Central C\u00f3rdoba<\/strong> <o:p><\/o:p><\/span><\/p>\n<h1 class=\"wp-block wp-block-post-title block-editor-block-list__block editor-post-title editor-post-title__input rich-text\" aria-label=\"Escribe un t\u00edtulo\" role=\"textbox\" aria-multiline=\"true\">Nataci\u00f3n para socixs de La Vigil<\/h1>\n<p style=\"background: white; vertical-align: baseline;\">[\/et_pb_text][et_pb_text _builder_version=\u00bb4.16.0&#8243; _module_preset=\u00bbdefault\u00bb global_colors_info=\u00bb{}\u00bb]<p><\/p>\n<p>\u25ba <strong>\u00bfSab\u00edas que siendo socix de La Vigil podes disfrutar de la Pileta de Central C\u00f3rdoba?<\/strong><\/p>\n<p> <\/p>\n<p>Desde 2018, mediante un convenio con el <strong>Club Atl\u00e9tico Central C\u00f3rdoba<\/strong>, todxs nuestrxs socixs acceden a la misma tarifa que lxs socixs del club para poder utilizar la renovada pileta charr\u00faa.<\/p>\n<p> <\/p>\n<p>Ac\u00e1 nom\u00e1s, en la sede social del Club (Av. San Mart\u00edn 3250) pod\u00e9s sumarte a <strong>Nataci\u00f3n Charr\u00faa<\/strong> y disfrutar de este estupendo deporte.<\/p>\n<p> <\/p>\n<p>Actualmente se dictan clases para adultxs, j\u00f3venes y ni\u00f1xs desde los 3 a\u00f1os, tambi\u00e9n matronataci\u00f3n y aquagym.<\/p>\n<p> <\/p>\n<p>\u25ac \u00bfC\u00f3mo hacer? \u00a1Muy simple! Acercate a la secretar\u00eda de la pileta en la sede del club, de 9 a 20hs., con el certificado bucodental y de salud estampillados y el recibo de pago de la cuota social de La Vigil, abonas en base a la cantidad de veces por semana que quieras asistir y \u00a1Listo! Ten\u00e9s tu carnet de la pile y sumergida asegurada.<\/p>\n<p><\/p>[\/et_pb_text][et_pb_image src=\u00bbhttps:\/\/bibliotecavigil.org.ar\/inicio\/wp-content\/uploads\/2022\/04\/Pileta-CC.jpeg\u00bb _builder_version=\u00bb4.17.1&#8243; _module_preset=\u00bbdefault\u00bb global_colors_info=\u00bb{}\u00bb][\/et_pb_image][\/et_pb_column][et_pb_column type=\u00bb1_4&#8243; _builder_version=\u00bb4.16.0&#8243; _module_preset=\u00bbdefault\u00bb global_colors_info=\u00bb{}\u00bb][\/et_pb_column][\/et_pb_row][et_pb_row column_structure=\u00bb3_4,1_4&#8243; _builder_version=\u00bb4.16.0&#8243; _module_preset=\u00bbdefault\u00bb global_colors_info=\u00bb{}\u00bb][et_pb_column type=\u00bb3_4&#8243; _builder_version=\u00bb4.16.0&#8243; _module_preset=\u00bbdefault\u00bb global_colors_info=\u00bb{}\u00bb][et_pb_text _builder_version=\u00bb4.16.0&#8243; _module_preset=\u00bbdefault\u00bb custom_margin=\u00bb||17px|||\u00bb global_colors_info=\u00bb{}\u00bb]<p style=\"background: white; vertical-align: baseline;\">\n<p style=\"background: white; vertical-align: baseline;\"><span lang=\"ES-AR\" style=\"font-size: 10.5pt; font-family: 'Helvetica',sans-serif; color: #666666;\">\u25ba <strong>Convenio con la Asociaci\u00f3n Civil Asamblea Permanente por los Derechos Humanos (APDH)<\/strong> para brindar asesoramiento legal a lxs socixs de La Vigil y la comunidad<o:p><\/o:p><\/span><\/p>[\/et_pb_text][et_pb_image src=\u00bbhttps:\/\/bibliotecavigil.org.ar\/inicio\/wp-content\/uploads\/2025\/08\/vigil.jpg\u00bb _builder_version=\u00bb4.27.4&#8243; _module_preset=\u00bbdefault\u00bb hover_enabled=\u00bb0&#8243; global_colors_info=\u00bb{}\u00bb title_text=\u00bb \u00bb sticky_enabled=\u00bb0&#8243;][\/et_pb_image][\/et_pb_column][et_pb_column type=\u00bb1_4&#8243; _builder_version=\u00bb4.16.0&#8243; _module_preset=\u00bbdefault\u00bb global_colors_info=\u00bb{}\u00bb][\/et_pb_column][\/et_pb_row][\/et_pb_section]","protected":false},"excerpt":{"rendered":"<p>Red de Beneficios \u00a1Ser socix de La Vigil tiene beneficios! Es una de nuestras prioridades conformar lazos de colaboraci\u00f3n, afinidad y ayuda rec\u00edproca, con otros actores del \u00e1mbito de la cultura, la educaci\u00f3n y la econom\u00eda social, para compartir conocimientos, recursos y proyectos comunes. \u25ba Convenio con AMECRO Establecimos un nuevo convenio con la Mutual [&hellip;]<\/p>\n","protected":false},"author":2,"featured_media":0,"parent":0,"menu_order":0,"comment_status":"closed","ping_status":"closed","template":"","meta":{"_et_pb_use_builder":"on","_et_pb_old_content":"","_et_gb_content_width":"","footnotes":""},"class_list":["post-25404","page","type-page","status-publish","hentry"],"yoast_head":"<!-- This site is optimized with the Yoast SEO plugin v27.5 - https:\/\/yoast.com\/product\/yoast-seo-wordpress\/ -->\n<title>Red de beneficios - Biblioteca Vigil<\/title>\n<meta name=\"robots\" content=\"index, follow, max-snippet:-1, max-image-preview:large, max-video-preview:-1\" \/>\n<link rel=\"canonical\" href=\"https:\/\/bibliotecavigil.org.ar\/inicio\/red-de-beneficios\/\" \/>\n<meta property=\"og:locale\" content=\"es_ES\" \/>\n<meta property=\"og:type\" content=\"article\" \/>\n<meta property=\"og:title\" content=\"Red de beneficios - Biblioteca Vigil\" \/>\n<meta property=\"og:description\" content=\"Red de Beneficios \u00a1Ser socix de La Vigil tiene beneficios! Es una de nuestras prioridades conformar lazos de colaboraci\u00f3n, afinidad y ayuda rec\u00edproca, con otros actores del \u00e1mbito de la cultura, la educaci\u00f3n y la econom\u00eda social, para compartir conocimientos, recursos y proyectos comunes. \u25ba Convenio con AMECRO Establecimos un nuevo convenio con la Mutual [&hellip;]\" \/>\n<meta property=\"og:url\" content=\"https:\/\/bibliotecavigil.org.ar\/inicio\/red-de-beneficios\/\" \/>\n<meta property=\"og:site_name\" content=\"Biblioteca Vigil\" \/>\n<meta property=\"article:modified_time\" content=\"2025-08-01T20:19:54+00:00\" \/>\n<meta property=\"og:image\" content=\"https:\/\/bibliotecavigil.org.ar\/inicio\/wp-content\/uploads\/2022\/05\/horario-300x154.png\" \/>\n<meta name=\"twitter:card\" content=\"summary_large_image\" \/>\n<meta name=\"twitter:label1\" content=\"Tiempo de lectura\" \/>\n\t<meta name=\"twitter:data1\" content=\"5 minutos\" \/>\n<script type=\"application\/ld+json\" class=\"yoast-schema-graph\">{\"@context\":\"https:\\\/\\\/schema.org\",\"@graph\":[{\"@type\":\"WebPage\",\"@id\":\"https:\\\/\\\/bibliotecavigil.org.ar\\\/inicio\\\/red-de-beneficios\\\/\",\"url\":\"https:\\\/\\\/bibliotecavigil.org.ar\\\/inicio\\\/red-de-beneficios\\\/\",\"name\":\"Red de beneficios - Biblioteca Vigil\",\"isPartOf\":{\"@id\":\"https:\\\/\\\/bibliotecavigil.org.ar\\\/inicio\\\/#website\"},\"primaryImageOfPage\":{\"@id\":\"https:\\\/\\\/bibliotecavigil.org.ar\\\/inicio\\\/red-de-beneficios\\\/#primaryimage\"},\"image\":{\"@id\":\"https:\\\/\\\/bibliotecavigil.org.ar\\\/inicio\\\/red-de-beneficios\\\/#primaryimage\"},\"thumbnailUrl\":\"https:\\\/\\\/bibliotecavigil.org.ar\\\/inicio\\\/wp-content\\\/uploads\\\/2022\\\/05\\\/horario-300x154.png\",\"datePublished\":\"2020-06-10T16:16:59+00:00\",\"dateModified\":\"2025-08-01T20:19:54+00:00\",\"breadcrumb\":{\"@id\":\"https:\\\/\\\/bibliotecavigil.org.ar\\\/inicio\\\/red-de-beneficios\\\/#breadcrumb\"},\"inLanguage\":\"es\",\"potentialAction\":[{\"@type\":\"ReadAction\",\"target\":[\"https:\\\/\\\/bibliotecavigil.org.ar\\\/inicio\\\/red-de-beneficios\\\/\"]}]},{\"@type\":\"ImageObject\",\"inLanguage\":\"es\",\"@id\":\"https:\\\/\\\/bibliotecavigil.org.ar\\\/inicio\\\/red-de-beneficios\\\/#primaryimage\",\"url\":\"https:\\\/\\\/bibliotecavigil.org.ar\\\/inicio\\\/wp-content\\\/uploads\\\/2022\\\/05\\\/horario.png\",\"contentUrl\":\"https:\\\/\\\/bibliotecavigil.org.ar\\\/inicio\\\/wp-content\\\/uploads\\\/2022\\\/05\\\/horario.png\",\"width\":900,\"height\":461},{\"@type\":\"BreadcrumbList\",\"@id\":\"https:\\\/\\\/bibliotecavigil.org.ar\\\/inicio\\\/red-de-beneficios\\\/#breadcrumb\",\"itemListElement\":[{\"@type\":\"ListItem\",\"position\":1,\"name\":\"Portada\",\"item\":\"https:\\\/\\\/bibliotecavigil.org.ar\\\/inicio\\\/\"},{\"@type\":\"ListItem\",\"position\":2,\"name\":\"Red de beneficios\"}]},{\"@type\":\"WebSite\",\"@id\":\"https:\\\/\\\/bibliotecavigil.org.ar\\\/inicio\\\/#website\",\"url\":\"https:\\\/\\\/bibliotecavigil.org.ar\\\/inicio\\\/\",\"name\":\"Biblioteca Vigil\",\"description\":\"Biblioteca Popular C C Vigil\",\"publisher\":{\"@id\":\"https:\\\/\\\/bibliotecavigil.org.ar\\\/inicio\\\/#organization\"},\"potentialAction\":[{\"@type\":\"SearchAction\",\"target\":{\"@type\":\"EntryPoint\",\"urlTemplate\":\"https:\\\/\\\/bibliotecavigil.org.ar\\\/inicio\\\/?s={search_term_string}\"},\"query-input\":{\"@type\":\"PropertyValueSpecification\",\"valueRequired\":true,\"valueName\":\"search_term_string\"}}],\"inLanguage\":\"es\"},{\"@type\":\"Organization\",\"@id\":\"https:\\\/\\\/bibliotecavigil.org.ar\\\/inicio\\\/#organization\",\"name\":\"Biblioteca Popular C.C.Vigil\",\"url\":\"https:\\\/\\\/bibliotecavigil.org.ar\\\/inicio\\\/\",\"logo\":{\"@type\":\"ImageObject\",\"inLanguage\":\"es\",\"@id\":\"https:\\\/\\\/bibliotecavigil.org.ar\\\/inicio\\\/#\\\/schema\\\/logo\\\/image\\\/\",\"url\":\"https:\\\/\\\/bibliotecavigil.org.ar\\\/inicio\\\/wp-content\\\/uploads\\\/2023\\\/06\\\/Logo-sin-texto-gif.gif\",\"contentUrl\":\"https:\\\/\\\/bibliotecavigil.org.ar\\\/inicio\\\/wp-content\\\/uploads\\\/2023\\\/06\\\/Logo-sin-texto-gif.gif\",\"width\":1487,\"height\":1604,\"caption\":\"Biblioteca Popular C.C.Vigil\"},\"image\":{\"@id\":\"https:\\\/\\\/bibliotecavigil.org.ar\\\/inicio\\\/#\\\/schema\\\/logo\\\/image\\\/\"}}]}<\/script>\n<!-- \/ Yoast SEO plugin. -->","yoast_head_json":{"title":"Red de beneficios - Biblioteca Vigil","robots":{"index":"index","follow":"follow","max-snippet":"max-snippet:-1","max-image-preview":"max-image-preview:large","max-video-preview":"max-video-preview:-1"},"canonical":"https:\/\/bibliotecavigil.org.ar\/inicio\/red-de-beneficios\/","og_locale":"es_ES","og_type":"article","og_title":"Red de beneficios - Biblioteca Vigil","og_description":"Red de Beneficios \u00a1Ser socix de La Vigil tiene beneficios! Es una de nuestras prioridades conformar lazos de colaboraci\u00f3n, afinidad y ayuda rec\u00edproca, con otros actores del \u00e1mbito de la cultura, la educaci\u00f3n y la econom\u00eda social, para compartir conocimientos, recursos y proyectos comunes. \u25ba Convenio con AMECRO Establecimos un nuevo convenio con la Mutual [&hellip;]","og_url":"https:\/\/bibliotecavigil.org.ar\/inicio\/red-de-beneficios\/","og_site_name":"Biblioteca Vigil","article_modified_time":"2025-08-01T20:19:54+00:00","og_image":[{"url":"https:\/\/bibliotecavigil.org.ar\/inicio\/wp-content\/uploads\/2022\/05\/horario-300x154.png","type":"","width":"","height":""}],"twitter_card":"summary_large_image","twitter_misc":{"Tiempo de lectura":"5 minutos"},"schema":{"@context":"https:\/\/schema.org","@graph":[{"@type":"WebPage","@id":"https:\/\/bibliotecavigil.org.ar\/inicio\/red-de-beneficios\/","url":"https:\/\/bibliotecavigil.org.ar\/inicio\/red-de-beneficios\/","name":"Red de beneficios - Biblioteca Vigil","isPartOf":{"@id":"https:\/\/bibliotecavigil.org.ar\/inicio\/#website"},"primaryImageOfPage":{"@id":"https:\/\/bibliotecavigil.org.ar\/inicio\/red-de-beneficios\/#primaryimage"},"image":{"@id":"https:\/\/bibliotecavigil.org.ar\/inicio\/red-de-beneficios\/#primaryimage"},"thumbnailUrl":"https:\/\/bibliotecavigil.org.ar\/inicio\/wp-content\/uploads\/2022\/05\/horario-300x154.png","datePublished":"2020-06-10T16:16:59+00:00","dateModified":"2025-08-01T20:19:54+00:00","breadcrumb":{"@id":"https:\/\/bibliotecavigil.org.ar\/inicio\/red-de-beneficios\/#breadcrumb"},"inLanguage":"es","potentialAction":[{"@type":"ReadAction","target":["https:\/\/bibliotecavigil.org.ar\/inicio\/red-de-beneficios\/"]}]},{"@type":"ImageObject","inLanguage":"es","@id":"https:\/\/bibliotecavigil.org.ar\/inicio\/red-de-beneficios\/#primaryimage","url":"https:\/\/bibliotecavigil.org.ar\/inicio\/wp-content\/uploads\/2022\/05\/horario.png","contentUrl":"https:\/\/bibliotecavigil.org.ar\/inicio\/wp-content\/uploads\/2022\/05\/horario.png","width":900,"height":461},{"@type":"BreadcrumbList","@id":"https:\/\/bibliotecavigil.org.ar\/inicio\/red-de-beneficios\/#breadcrumb","itemListElement":[{"@type":"ListItem","position":1,"name":"Portada","item":"https:\/\/bibliotecavigil.org.ar\/inicio\/"},{"@type":"ListItem","position":2,"name":"Red de beneficios"}]},{"@type":"WebSite","@id":"https:\/\/bibliotecavigil.org.ar\/inicio\/#website","url":"https:\/\/bibliotecavigil.org.ar\/inicio\/","name":"Biblioteca Vigil","description":"Biblioteca Popular C C Vigil","publisher":{"@id":"https:\/\/bibliotecavigil.org.ar\/inicio\/#organization"},"potentialAction":[{"@type":"SearchAction","target":{"@type":"EntryPoint","urlTemplate":"https:\/\/bibliotecavigil.org.ar\/inicio\/?s={search_term_string}"},"query-input":{"@type":"PropertyValueSpecification","valueRequired":true,"valueName":"search_term_string"}}],"inLanguage":"es"},{"@type":"Organization","@id":"https:\/\/bibliotecavigil.org.ar\/inicio\/#organization","name":"Biblioteca Popular C.C.Vigil","url":"https:\/\/bibliotecavigil.org.ar\/inicio\/","logo":{"@type":"ImageObject","inLanguage":"es","@id":"https:\/\/bibliotecavigil.org.ar\/inicio\/#\/schema\/logo\/image\/","url":"https:\/\/bibliotecavigil.org.ar\/inicio\/wp-content\/uploads\/2023\/06\/Logo-sin-texto-gif.gif","contentUrl":"https:\/\/bibliotecavigil.org.ar\/inicio\/wp-content\/uploads\/2023\/06\/Logo-sin-texto-gif.gif","width":1487,"height":1604,"caption":"Biblioteca Popular C.C.Vigil"},"image":{"@id":"https:\/\/bibliotecavigil.org.ar\/inicio\/#\/schema\/logo\/image\/"}}]}},"_links":{"self":[{"href":"https:\/\/bibliotecavigil.org.ar\/inicio\/wp-json\/wp\/v2\/pages\/25404","targetHints":{"allow":["GET"]}}],"collection":[{"href":"https:\/\/bibliotecavigil.org.ar\/inicio\/wp-json\/wp\/v2\/pages"}],"about":[{"href":"https:\/\/bibliotecavigil.org.ar\/inicio\/wp-json\/wp\/v2\/types\/page"}],"author":[{"embeddable":true,"href":"https:\/\/bibliotecavigil.org.ar\/inicio\/wp-json\/wp\/v2\/users\/2"}],"replies":[{"embeddable":true,"href":"https:\/\/bibliotecavigil.org.ar\/inicio\/wp-json\/wp\/v2\/comments?post=25404"}],"version-history":[{"count":28,"href":"https:\/\/bibliotecavigil.org.ar\/inicio\/wp-json\/wp\/v2\/pages\/25404\/revisions"}],"predecessor-version":[{"id":33617,"href":"https:\/\/bibliotecavigil.org.ar\/inicio\/wp-json\/wp\/v2\/pages\/25404\/revisions\/33617"}],"wp:attachment":[{"href":"https:\/\/bibliotecavigil.org.ar\/inicio\/wp-json\/wp\/v2\/media?parent=25404"}],"curies":[{"name":"wp","href":"https:\/\/api.w.org\/{rel}","templated":true}]}}